{"id":30,"date":"2015-08-16T16:59:22","date_gmt":"2015-08-16T14:59:22","guid":{"rendered":"http:\/\/www.gemeinsame-jugendarbeit.de\/wordpress\/?page_id=30"},"modified":"2023-09-08T08:02:55","modified_gmt":"2023-09-08T06:02:55","slug":"veranstaltungen","status":"publish","type":"page","link":"https:\/\/www.gemeinsame-jugendarbeit.de\/wordpress\/veranstaltungen\/","title":{"rendered":"Angebote f\u00fcr Kinder und Jugendliche"},"content":{"rendered":"<h1>Du willst etwas erleben &#8211; dann bist Du bei uns genau richtig!<\/h1>\n<p>&nbsp;<\/p>\n<p><big>Es gibt tolle Angebote f\u00fcr Kinder und Jugendliche.<\/big><br \/>\n<big>Die Palette reicht dabei von Gruppenangeboten f\u00fcr unterschiedliche Altersgruppen, wie Jungscharen oder Jugendkreise. Gottesdienste f\u00fcr Kinder, Jugendliche und Familien geh\u00f6ren genauso dazu wie Freizeiten, Konzerte, Aktionen, Kinderbibelwochen, <\/big><big>Kinderzeltlager, Ausfl\u00fcge, Mitarbeiterkreise und vieles mehr.<\/big><\/p>\n<p><big>&nbsp;Verschiedene Teams von ehrenamtlichen Mitarbeiterinnen und Mitarbeitern sorgen unter der Leitung von Axel Schwarze, f\u00fcr ein buntes ansprechendes Programm.<\/big><\/p>\n<h3><a href=\"https:\/\/www.gemeinsame-jugendarbeit.de\/wordpress\/?p=38\"><b>Kinder<\/b><\/a>&nbsp;&nbsp;&nbsp;&nbsp;<a href=\"https:\/\/www.gemeinsame-jugendarbeit.de\/wordpress\/?p=43\"><b>Jugendliche<\/b><\/a>&nbsp;&nbsp;&nbsp;&nbsp;<a href=\"https:\/\/www.gemeinsame-jugendarbeit.de\/wordpress\/?p=46\"><b>Musik<\/b><\/a>&nbsp;&nbsp;&nbsp;&nbsp;<a href=\"https:\/\/www.gemeinsame-jugendarbeit.de\/wordpress\/?p=52\"><b>Gottesdienste<\/b><\/a><\/h3>\n<p>&nbsp;<\/p>\n<p>&nbsp;<\/p>\n<p>&nbsp;&nbsp;<\/p>\n<p>&nbsp;<\/p>\n<p>&nbsp;<\/p>\n<p>&nbsp;&nbsp;<\/p>\n<p>&nbsp;<\/p>\n<p>&nbsp;<\/p>\n<p>&nbsp;<\/p>\n","protected":false},"excerpt":{"rendered":"<p>Du willst etwas erleben &#8211; dann bist Du bei uns genau richtig! &nbsp; Es gibt tolle Angebote f\u00fcr Kinder und Jugendliche. Die Palette reicht dabei von Gruppenangeboten f\u00fcr unterschiedliche Altersgruppen,&#8230; <\/p>\n<div class=\"link-more\"><a href=\"https:\/\/www.gemeinsame-jugendarbeit.de\/wordpress\/veranstaltungen\/\">Weiterlesen<\/a><\/div>\n","protected":false},"author":1,"featured_media":211,"parent":0,"menu_order":0,"comment_status":"closed","ping_status":"closed","template":"","meta":{"ngg_post_thumbnail":0},"jetpack_sharing_enabled":true,"jetpack_shortlink":"https:\/\/wp.me\/P8sCNj-u","jetpack-related-posts":[{"id":52,"url":"https:\/\/www.gemeinsame-jugendarbeit.de\/wordpress\/gottesdienste\/","url_meta":{"origin":30,"position":0},"title":"Gottesdienste f\u00fcr Kinder und Jugendliche","author":"schwarze","date":"16. August 2015","format":false,"excerpt":"Kinder\u00a0\u00a0\u00a0 Jugendliche\u00a0\u00a0\u00a0 zur\u00fcck \u00a0 \u00a0 \u00a0 KiMiKi - KiliansMiniKirche\u00a0 f\u00fcr Kinder von 0-6 Jahre und Eltern 3x im Jahr, samstags, 15.30 Uhr, Kilianskirche Minigottesdienst \u00a0 f\u00fcr Kinder von 0-6 Jahre und Eltern 3x im Jahr,\u00a0\u00a0samstags, 16.00, Kirche Sylbach KiKiKi - KiliansKinderKirche f\u00fcr Kinder von 5-12 Jahre \u00a0\u00a0 jeden 3. Sonntag,\u2026","rel":"","context":"\u00c4hnlicher Beitrag","block_context":{"text":"\u00c4hnlicher Beitrag","link":""},"img":{"alt_text":"","src":"https:\/\/i0.wp.com\/www.gemeinsame-jugendarbeit.de\/wordpress\/wp-content\/uploads\/2015\/08\/yougo-1-300x225.jpg?resize=350%2C200","width":350,"height":200},"classes":[]},{"id":43,"url":"https:\/\/www.gemeinsame-jugendarbeit.de\/wordpress\/jugendliche\/","url_meta":{"origin":30,"position":1},"title":"Angebote f\u00fcr Jugendliche","author":"schwarze","date":"16. August 2015","format":false,"excerpt":"Kinder\u00a0\u00a0\u00a0 Gottesdienste \u00a0\u00a0 zur\u00fcck QueensGarden \u00a0 M\u00e4dchen, ab 11 Jahre monatlich, samstags, Begegnungsst\u00e4tte Sch\u00f6tmar Die Jungs\u00a0\u00a0\u00a0 Jungen, ab 11 Jahre montags, 18.00 - 19.30 Uhr, Trinitatiskirche SYou\u00a0\u00a0\u00a0Jugendliche, ab 11 Jahre mittwochs, 18.30 \u2013 20.00 Uhr, Vereinshaus Sylbach HIGH5 \u00a0 Jugendliche, ab 11 Jahre monatlich, sonntags, 17.00 \u2013 20.00 Uhr, Vereinshaus\u2026","rel":"","context":"\u00c4hnlicher Beitrag","block_context":{"text":"\u00c4hnlicher Beitrag","link":""},"img":{"alt_text":"","src":"https:\/\/i0.wp.com\/www.gemeinsame-jugendarbeit.de\/wordpress\/wp-content\/uploads\/2015\/08\/20140528_195825-1-300x225.jpg?resize=350%2C200","width":350,"height":200},"classes":[]},{"id":38,"url":"https:\/\/www.gemeinsame-jugendarbeit.de\/wordpress\/kinder\/","url_meta":{"origin":30,"position":2},"title":"Das gibt&#8217;s f\u00fcr Kinder","author":"schwarze","date":"16. August 2015","format":false,"excerpt":"Jugendliche \u00a0 Gottesdienste \u00a0\u00a0 zur\u00fcck \u00a0 \u00a0 CVJM Minijungschar - Kinder, 6-9 Jahre \u00a0\u00a0\u00a0\u00a0\u00a0\u00a0\u00a0\u00a0\u00a0 mittwochs, 17.00 \u2013 18.15 Uhr, Vereinshaus Sylbach CVJM Jungschar - Kinder, 9-12 Jahre \u00a0\u00a0\u00a0\u00a0\u00a0\u00a0\u00a0\u00a0\u00a0 freitags, 17.00 \u2013 18.30 Uhr, Vereinshaus Sylbach Jungschar Rasselbande - Kinder, 6-11 Jahre \u00a0\u00a0\u00a0\u00a0\u00a0\u00a0\u00a0\u00a0\u00a0 donnerstags, 16.00 \u2013 17.30 Uhr, Trinitatiskirche Kinderbibelwoche -\u2026","rel":"","context":"\u00c4hnlicher Beitrag","block_context":{"text":"\u00c4hnlicher Beitrag","link":""},"img":{"alt_text":"","src":"https:\/\/i0.wp.com\/www.gemeinsame-jugendarbeit.de\/wordpress\/wp-content\/uploads\/2015\/08\/DSC_0248-1.jpg?fit=1200%2C795&ssl=1&resize=350%2C200","width":350,"height":200,"srcset":"https:\/\/i0.wp.com\/www.gemeinsame-jugendarbeit.de\/wordpress\/wp-content\/uploads\/2015\/08\/DSC_0248-1.jpg?fit=1200%2C795&ssl=1&resize=350%2C200 1x, https:\/\/i0.wp.com\/www.gemeinsame-jugendarbeit.de\/wordpress\/wp-content\/uploads\/2015\/08\/DSC_0248-1.jpg?fit=1200%2C795&ssl=1&resize=525%2C300 1.5x, https:\/\/i0.wp.com\/www.gemeinsame-jugendarbeit.de\/wordpress\/wp-content\/uploads\/2015\/08\/DSC_0248-1.jpg?fit=1200%2C795&ssl=1&resize=700%2C400 2x, https:\/\/i0.wp.com\/www.gemeinsame-jugendarbeit.de\/wordpress\/wp-content\/uploads\/2015\/08\/DSC_0248-1.jpg?fit=1200%2C795&ssl=1&resize=1050%2C600 3x"},"classes":[]},{"id":46,"url":"https:\/\/www.gemeinsame-jugendarbeit.de\/wordpress\/musik\/","url_meta":{"origin":30,"position":3},"title":"Musik","author":"schwarze","date":"16. August 2015","format":false,"excerpt":"Kinder\u00a0\u00a0\u00a0 Jugendliche\u00a0\u00a0\u00a0 Gottesdienste \u00a0\u00a0 zur\u00fcck \u00a0 \u00a0 Band \u201eLightness\u201c\u00a0\u00a0Jugendliche montags, 19.00 - 21.00 Uhr, Gemeindehaus Kilianskirche Band \u201eStaytion\u201c\u00a0\u00a0Jugendliche sonntags, 14.00 \u2013 16.00 Uhr, Kirche Sylbach \u00a0 \u00a0 \u00a0 \u00a0 \u00a0 \u00a0 Veranstaltungsorte Gemeindehaus Kilianskirche Am Kirchplatz 1, 32108 Bad Salzuflen Kirche Sylbach Sylbacher Stra\u00dfe 271, 32107 Bad Salzuflen \u00a0 \u00a0","rel":"","context":"\u00c4hnlicher Beitrag","block_context":{"text":"\u00c4hnlicher Beitrag","link":""},"img":{"alt_text":"","src":"https:\/\/i0.wp.com\/www.gemeinsame-jugendarbeit.de\/wordpress\/wp-content\/uploads\/2017\/08\/20170820_144245.jpg?fit=1200%2C900&ssl=1&resize=350%2C200","width":350,"height":200,"srcset":"https:\/\/i0.wp.com\/www.gemeinsame-jugendarbeit.de\/wordpress\/wp-content\/uploads\/2017\/08\/20170820_144245.jpg?fit=1200%2C900&ssl=1&resize=350%2C200 1x, https:\/\/i0.wp.com\/www.gemeinsame-jugendarbeit.de\/wordpress\/wp-content\/uploads\/2017\/08\/20170820_144245.jpg?fit=1200%2C900&ssl=1&resize=525%2C300 1.5x, https:\/\/i0.wp.com\/www.gemeinsame-jugendarbeit.de\/wordpress\/wp-content\/uploads\/2017\/08\/20170820_144245.jpg?fit=1200%2C900&ssl=1&resize=700%2C400 2x, https:\/\/i0.wp.com\/www.gemeinsame-jugendarbeit.de\/wordpress\/wp-content\/uploads\/2017\/08\/20170820_144245.jpg?fit=1200%2C900&ssl=1&resize=1050%2C600 3x"},"classes":[]},{"id":558,"url":"https:\/\/www.gemeinsame-jugendarbeit.de\/wordpress\/archiv\/","url_meta":{"origin":30,"position":4},"title":"Archiv","author":"schwarze","date":"4. Juli 2017","format":false,"excerpt":"Hier findest Du \u00e4ltere Berichte \u00fcber verschiedenste Aktionen: 23. Juni 2017 Luther - Fahndung erfolgreich: Katechumenen und Konfirmanden aus den ref. Bezirken I und II machten sich am 13.06. erfolgreich auf die Suche nach - wem sonst - Martin Luther. Der gro\u00dfe Reformator war im Keller der \u00f6rtlichen Begegnungsst\u00e4tte einfach\u2026","rel":"","context":"\u00c4hnlicher Beitrag","block_context":{"text":"\u00c4hnlicher Beitrag","link":""},"img":{"alt_text":"","src":"https:\/\/i0.wp.com\/www.gemeinsame-jugendarbeit.de\/wordpress\/wp-content\/uploads\/2017\/05\/20170326_182323-300x225.jpg?resize=350%2C200","width":350,"height":200},"classes":[]},{"id":2849,"url":"https:\/\/www.gemeinsame-jugendarbeit.de\/wordpress\/kibiwo-2021-pause-am-samstag\/","url_meta":{"origin":30,"position":5},"title":"Kibiwo 2021 &#8211; (Pause am) Samstag","author":"schwarze","date":"10. April 2021","format":false,"excerpt":"Am Samstag ist Pause in der Kinderbibelwoche.Dennoch gibt es f\u00fcr Euch ein paar Infos, was neben der Kibiwo noch alles angeboten wird.Aber erst einmal etwas Musik:https:\/\/www.youtube.com\/watch?v=IMCeBIDHHhU Was gibt es denn noch so f\u00fcr Euch? Hier sind 2 Tipps f\u00fcr tolle weitere Onlineangebote aus Bad Salzuflen:\"Felix und seine Freunde\" - Die\u2026","rel":"","context":"\u00c4hnlicher Beitrag","block_context":{"text":"\u00c4hnlicher Beitrag","link":""},"img":{"alt_text":"","src":"","width":0,"height":0},"classes":[]}],"publishpress_future_action":{"enabled":false,"date":"2026-05-07 06:41:23","action":"change-status","newStatus":"draft","terms":[],"taxonomy":""},"publishpress_future_workflow_manual_trigger":{"enabledWorkflows":[]},"_links":{"self":[{"href":"https:\/\/www.gemeinsame-jugendarbeit.de\/wordpress\/wp-json\/wp\/v2\/pages\/30"}],"collection":[{"href":"https:\/\/www.gemeinsame-jugendarbeit.de\/wordpress\/wp-json\/wp\/v2\/pages"}],"about":[{"href":"https:\/\/www.gemeinsame-jugendarbeit.de\/wordpress\/wp-json\/wp\/v2\/types\/page"}],"author":[{"embeddable":true,"href":"https:\/\/www.gemeinsame-jugendarbeit.de\/wordpress\/wp-json\/wp\/v2\/users\/1"}],"replies":[{"embeddable":true,"href":"https:\/\/www.gemeinsame-jugendarbeit.de\/wordpress\/wp-json\/wp\/v2\/comments?post=30"}],"version-history":[{"count":5,"href":"https:\/\/www.gemeinsame-jugendarbeit.de\/wordpress\/wp-json\/wp\/v2\/pages\/30\/revisions"}],"predecessor-version":[{"id":4217,"href":"https:\/\/www.gemeinsame-jugendarbeit.de\/wordpress\/wp-json\/wp\/v2\/pages\/30\/revisions\/4217"}],"wp:featuredmedia":[{"embeddable":true,"href":"https:\/\/www.gemeinsame-jugendarbeit.de\/wordpress\/wp-json\/wp\/v2\/media\/211"}],"wp:attachment":[{"href":"https:\/\/www.gemeinsame-jugendarbeit.de\/wordpress\/wp-json\/wp\/v2\/media?parent=30"}],"curies":[{"name":"wp","href":"https:\/\/api.w.org\/{rel}","templated":true}]}}