{"id":46,"date":"2015-08-16T17:29:06","date_gmt":"2015-08-16T15:29:06","guid":{"rendered":"http:\/\/www.gemeinsame-jugendarbeit.de\/wordpress\/?page_id=46"},"modified":"2019-02-15T17:09:18","modified_gmt":"2019-02-15T16:09:18","slug":"musik","status":"publish","type":"page","link":"https:\/\/www.gemeinsame-jugendarbeit.de\/wordpress\/musik\/","title":{"rendered":"Musik"},"content":{"rendered":"<h1 style=\"text-align: center;\"><a href=\"https:\/\/www.gemeinsame-jugendarbeit.de\/wordpress\/?p=38\"><b>Kinder<\/b><\/a>&nbsp;&nbsp;&nbsp; <a href=\"https:\/\/www.gemeinsame-jugendarbeit.de\/wordpress\/?p=43\"><b>Jugendliche<\/b><\/a>&nbsp;&nbsp;&nbsp; <a href=\"https:\/\/www.gemeinsame-jugendarbeit.de\/wordpress\/?p=52\"><b>Gottesdienste<\/b><\/a> &nbsp;&nbsp; <a href=\"https:\/\/www.gemeinsame-jugendarbeit.de\/wordpress\/?p=30\"><b>zur\u00fcck<\/b><\/a><\/h1>\n<div id=\"edit_plugin_id_687602\" class=\"plugin_container sortable p_headline padding_top\">&nbsp;<\/div>\n<div id=\"edit_plugin_id_687603\" class=\"plugin_container sortable p_textimage padding_none\">\n<div class=\"plugin\">\n<div class=\"plugin_content\">\n<div class=\"floatbox\">\n<p>&nbsp;<\/p>\n<p><big> <strong>Band \u201eLightness\u201c&nbsp;<\/strong>&nbsp;Jugendliche<\/big><\/p>\n<p><big> montags, 19.00 &#8211; 21.00 Uhr, Gemeindehaus Kilianskirche<\/big><\/p>\n<p><a href=\"https:\/\/i0.wp.com\/www.gemeinsame-jugendarbeit.de\/wordpress\/wp-content\/uploads\/2017\/03\/lightness_bild.jpg?ssl=1\"><img data-attachment-id=\"455\" data-permalink=\"https:\/\/www.gemeinsame-jugendarbeit.de\/wordpress\/musik\/lightness_bild\/\" data-orig-file=\"https:\/\/i0.wp.com\/www.gemeinsame-jugendarbeit.de\/wordpress\/wp-content\/uploads\/2017\/03\/lightness_bild.jpg?fit=921%2C150&amp;ssl=1\" data-orig-size=\"921,150\" data-comments-opened=\"0\" data-image-meta=\"{&quot;aperture&quot;:&quot;0&quot;,&quot;credit&quot;:&quot;&quot;,&quot;camera&quot;:&quot;&quot;,&quot;caption&quot;:&quot;&quot;,&quot;created_timestamp&quot;:&quot;0&quot;,&quot;copyright&quot;:&quot;&quot;,&quot;focal_length&quot;:&quot;0&quot;,&quot;iso&quot;:&quot;0&quot;,&quot;shutter_speed&quot;:&quot;0&quot;,&quot;title&quot;:&quot;&quot;,&quot;orientation&quot;:&quot;0&quot;}\" data-image-title=\"lightness_bild\" data-image-description=\"\" data-image-caption=\"\" data-medium-file=\"https:\/\/i0.wp.com\/www.gemeinsame-jugendarbeit.de\/wordpress\/wp-content\/uploads\/2017\/03\/lightness_bild.jpg?fit=300%2C49&amp;ssl=1\" data-large-file=\"https:\/\/i0.wp.com\/www.gemeinsame-jugendarbeit.de\/wordpress\/wp-content\/uploads\/2017\/03\/lightness_bild.jpg?fit=921%2C150&amp;ssl=1\" fetchpriority=\"high\" decoding=\"async\" class=\"alignnone wp-image-455\" src=\"https:\/\/i0.wp.com\/www.gemeinsame-jugendarbeit.de\/wordpress\/wp-content\/uploads\/2017\/03\/lightness_bild.jpg?resize=753%2C123&#038;ssl=1\" alt=\"\" width=\"753\" height=\"123\" srcset=\"https:\/\/i0.wp.com\/www.gemeinsame-jugendarbeit.de\/wordpress\/wp-content\/uploads\/2017\/03\/lightness_bild.jpg?resize=300%2C49&amp;ssl=1 300w, https:\/\/i0.wp.com\/www.gemeinsame-jugendarbeit.de\/wordpress\/wp-content\/uploads\/2017\/03\/lightness_bild.jpg?resize=768%2C125&amp;ssl=1 768w, https:\/\/i0.wp.com\/www.gemeinsame-jugendarbeit.de\/wordpress\/wp-content\/uploads\/2017\/03\/lightness_bild.jpg?resize=600%2C98&amp;ssl=1 600w, https:\/\/i0.wp.com\/www.gemeinsame-jugendarbeit.de\/wordpress\/wp-content\/uploads\/2017\/03\/lightness_bild.jpg?w=921&amp;ssl=1 921w\" sizes=\"(max-width: 753px) 100vw, 753px\" data-recalc-dims=\"1\" \/><\/a><\/p>\n<p><big> <strong>Band \u201eStaytion\u201c&nbsp;<\/strong>&nbsp;Jugendliche<\/big><\/p>\n<p><big> sonntags, 14.00 \u2013 16.00 Uhr, Kirche Sylbach<br \/>\n<\/big><\/p>\n<p><a href=\"https:\/\/i0.wp.com\/www.gemeinsame-jugendarbeit.de\/wordpress\/wp-content\/uploads\/2015\/08\/band-staytion_1000x662-1.jpg?ssl=1\"><img data-attachment-id=\"14\" data-permalink=\"https:\/\/www.gemeinsame-jugendarbeit.de\/wordpress\/musik\/band-staytion_1000x662\/\" data-orig-file=\"https:\/\/i0.wp.com\/www.gemeinsame-jugendarbeit.de\/wordpress\/wp-content\/uploads\/2015\/08\/band-staytion_1000x662-1.jpg?fit=1000%2C662&amp;ssl=1\" data-orig-size=\"1000,662\" data-comments-opened=\"1\" data-image-meta=\"{&quot;aperture&quot;:&quot;5&quot;,&quot;credit&quot;:&quot;&quot;,&quot;camera&quot;:&quot;NIKON D5100&quot;,&quot;caption&quot;:&quot;&quot;,&quot;created_timestamp&quot;:&quot;1351715282&quot;,&quot;copyright&quot;:&quot;&quot;,&quot;focal_length&quot;:&quot;52&quot;,&quot;iso&quot;:&quot;3200&quot;,&quot;shutter_speed&quot;:&quot;0.05&quot;,&quot;title&quot;:&quot;&quot;,&quot;orientation&quot;:&quot;1&quot;}\" data-image-title=\"band staytion_1000x662\" data-image-description=\"\" data-image-caption=\"\" data-medium-file=\"https:\/\/i0.wp.com\/www.gemeinsame-jugendarbeit.de\/wordpress\/wp-content\/uploads\/2015\/08\/band-staytion_1000x662-1.jpg?fit=300%2C199&amp;ssl=1\" data-large-file=\"https:\/\/i0.wp.com\/www.gemeinsame-jugendarbeit.de\/wordpress\/wp-content\/uploads\/2015\/08\/band-staytion_1000x662-1.jpg?fit=1000%2C662&amp;ssl=1\" decoding=\"async\" class=\"alignnone wp-image-14\" src=\"https:\/\/i0.wp.com\/www.gemeinsame-jugendarbeit.de\/wordpress\/wp-content\/uploads\/2015\/08\/band-staytion_1000x662-1.jpg?resize=493%2C327&#038;ssl=1\" alt=\"\" width=\"493\" height=\"327\" srcset=\"https:\/\/i0.wp.com\/www.gemeinsame-jugendarbeit.de\/wordpress\/wp-content\/uploads\/2015\/08\/band-staytion_1000x662-1.jpg?resize=300%2C199&amp;ssl=1 300w, https:\/\/i0.wp.com\/www.gemeinsame-jugendarbeit.de\/wordpress\/wp-content\/uploads\/2015\/08\/band-staytion_1000x662-1.jpg?resize=768%2C508&amp;ssl=1 768w, https:\/\/i0.wp.com\/www.gemeinsame-jugendarbeit.de\/wordpress\/wp-content\/uploads\/2015\/08\/band-staytion_1000x662-1.jpg?w=1000&amp;ssl=1 1000w\" sizes=\"(max-width: 493px) 100vw, 493px\" data-recalc-dims=\"1\" \/><\/a><\/p>\n<\/div>\n<\/div>\n<\/div>\n<\/div>\n<p>&nbsp;<\/p>\n<p>&nbsp;<\/p>\n<p>&nbsp;<\/p>\n<p>&nbsp;<\/p>\n<p>&nbsp;<\/p>\n<h1 style=\"text-align: center;\">&nbsp;<\/h1>\n<p><u> <strong>Veranstaltungsorte<\/strong><\/u><br \/>\n<strong>Gemeindehaus Kilianskirche<br \/>\n<\/strong>Am Kirchplatz 1, 32108 Bad Salzuflen<\/p>\n<p><strong>Kirche Sylbach<\/strong><br \/>\nSylbacher Stra\u00dfe 271, 32107 Bad Salzuflen<\/p>\n<p>&nbsp;<\/p>\n<p>&nbsp;<\/p>\n","protected":false},"excerpt":{"rendered":"<p>Kinder&nbsp;&nbsp;&nbsp; Jugendliche&nbsp;&nbsp;&nbsp; Gottesdienste &nbsp;&nbsp; zur\u00fcck &nbsp; &nbsp; Band \u201eLightness\u201c&nbsp;&nbsp;Jugendliche montags, 19.00 &#8211; 21.00 Uhr, Gemeindehaus Kilianskirche Band \u201eStaytion\u201c&nbsp;&nbsp;Jugendliche sonntags, 14.00 \u2013 16.00 Uhr, Kirche Sylbach &nbsp; &nbsp; &nbsp; &nbsp; &nbsp;&#8230; <\/p>\n<div class=\"link-more\"><a href=\"https:\/\/www.gemeinsame-jugendarbeit.de\/wordpress\/musik\/\">Weiterlesen<\/a><\/div>\n","protected":false},"author":1,"featured_media":590,"parent":0,"menu_order":0,"comment_status":"closed","ping_status":"closed","template":"","meta":{"ngg_post_thumbnail":0},"jetpack_sharing_enabled":true,"jetpack_shortlink":"https:\/\/wp.me\/P8sCNj-K","jetpack-related-posts":[{"id":43,"url":"https:\/\/www.gemeinsame-jugendarbeit.de\/wordpress\/jugendliche\/","url_meta":{"origin":46,"position":0},"title":"Angebote f\u00fcr Jugendliche","author":"schwarze","date":"16. August 2015","format":false,"excerpt":"Kinder\u00a0\u00a0\u00a0 Gottesdienste \u00a0\u00a0 zur\u00fcck QueensGarden \u00a0 M\u00e4dchen, ab 11 Jahre monatlich, samstags, Begegnungsst\u00e4tte Sch\u00f6tmar Die Jungs\u00a0\u00a0\u00a0 Jungen, ab 11 Jahre montags, 18.00 - 19.30 Uhr, Trinitatiskirche SYou\u00a0\u00a0\u00a0Jugendliche, ab 11 Jahre mittwochs, 18.30 \u2013 20.00 Uhr, Vereinshaus Sylbach HIGH5 \u00a0 Jugendliche, ab 11 Jahre monatlich, sonntags, 17.00 \u2013 20.00 Uhr, Vereinshaus\u2026","rel":"","context":"\u00c4hnlicher Beitrag","block_context":{"text":"\u00c4hnlicher Beitrag","link":""},"img":{"alt_text":"","src":"https:\/\/i0.wp.com\/www.gemeinsame-jugendarbeit.de\/wordpress\/wp-content\/uploads\/2015\/08\/20140528_195825-1-300x225.jpg?resize=350%2C200","width":350,"height":200},"classes":[]},{"id":30,"url":"https:\/\/www.gemeinsame-jugendarbeit.de\/wordpress\/veranstaltungen\/","url_meta":{"origin":46,"position":1},"title":"Angebote f\u00fcr Kinder und Jugendliche","author":"schwarze","date":"16. August 2015","format":false,"excerpt":"Du willst etwas erleben - dann bist Du bei uns genau richtig! \u00a0 Es gibt tolle Angebote f\u00fcr Kinder und Jugendliche. Die Palette reicht dabei von Gruppenangeboten f\u00fcr unterschiedliche Altersgruppen, wie Jungscharen oder Jugendkreise. Gottesdienste f\u00fcr Kinder, Jugendliche und Familien geh\u00f6ren genauso dazu wie Freizeiten, Konzerte, Aktionen, Kinderbibelwochen, Kinderzeltlager, Ausfl\u00fcge,\u2026","rel":"","context":"\u00c4hnlicher Beitrag","block_context":{"text":"\u00c4hnlicher Beitrag","link":""},"img":{"alt_text":"","src":"https:\/\/i0.wp.com\/www.gemeinsame-jugendarbeit.de\/wordpress\/wp-content\/uploads\/2015\/08\/minigd_schirme-1.jpg?fit=1200%2C894&ssl=1&resize=350%2C200","width":350,"height":200,"srcset":"https:\/\/i0.wp.com\/www.gemeinsame-jugendarbeit.de\/wordpress\/wp-content\/uploads\/2015\/08\/minigd_schirme-1.jpg?fit=1200%2C894&ssl=1&resize=350%2C200 1x, https:\/\/i0.wp.com\/www.gemeinsame-jugendarbeit.de\/wordpress\/wp-content\/uploads\/2015\/08\/minigd_schirme-1.jpg?fit=1200%2C894&ssl=1&resize=525%2C300 1.5x, https:\/\/i0.wp.com\/www.gemeinsame-jugendarbeit.de\/wordpress\/wp-content\/uploads\/2015\/08\/minigd_schirme-1.jpg?fit=1200%2C894&ssl=1&resize=700%2C400 2x, https:\/\/i0.wp.com\/www.gemeinsame-jugendarbeit.de\/wordpress\/wp-content\/uploads\/2015\/08\/minigd_schirme-1.jpg?fit=1200%2C894&ssl=1&resize=1050%2C600 3x"},"classes":[]},{"id":52,"url":"https:\/\/www.gemeinsame-jugendarbeit.de\/wordpress\/gottesdienste\/","url_meta":{"origin":46,"position":2},"title":"Gottesdienste f\u00fcr Kinder und Jugendliche","author":"schwarze","date":"16. August 2015","format":false,"excerpt":"Kinder\u00a0\u00a0\u00a0 Jugendliche\u00a0\u00a0\u00a0 zur\u00fcck \u00a0 \u00a0 \u00a0 KiMiKi - KiliansMiniKirche\u00a0 f\u00fcr Kinder von 0-6 Jahre und Eltern 3x im Jahr, samstags, 15.30 Uhr, Kilianskirche Minigottesdienst \u00a0 f\u00fcr Kinder von 0-6 Jahre und Eltern 3x im Jahr,\u00a0\u00a0samstags, 16.00, Kirche Sylbach KiKiKi - KiliansKinderKirche f\u00fcr Kinder von 5-12 Jahre \u00a0\u00a0 jeden 3. Sonntag,\u2026","rel":"","context":"\u00c4hnlicher Beitrag","block_context":{"text":"\u00c4hnlicher Beitrag","link":""},"img":{"alt_text":"","src":"https:\/\/i0.wp.com\/www.gemeinsame-jugendarbeit.de\/wordpress\/wp-content\/uploads\/2015\/08\/yougo-1-300x225.jpg?resize=350%2C200","width":350,"height":200},"classes":[]},{"id":1917,"url":"https:\/\/www.gemeinsame-jugendarbeit.de\/wordpress\/konfirmandenzeit\/","url_meta":{"origin":46,"position":3},"title":"Deine Konfirmand*innenzeit","author":"schwarze","date":"25. August 2020","format":false,"excerpt":"Im Gemeindebrief \"EIS\" gibt es sehr informative Seiten f\u00fcr Jugendliche. \u00a0 \u00a0 Du denkst, Kirche ist langweilig?\u00a0Dann schau dir mal diesen Clip an: (einfach auf das Bild klicken) \u00a0 Anmeldem\u00f6glichkeit zum Konfiunterricht \u00a0 \u00a0 \u00a0 \u00a0 \u00a0","rel":"","context":"\u00c4hnlicher Beitrag","block_context":{"text":"\u00c4hnlicher Beitrag","link":""},"img":{"alt_text":"","src":"https:\/\/i0.wp.com\/www.gemeinsame-jugendarbeit.de\/wordpress\/wp-content\/uploads\/2020\/09\/Konfiseite_Homepage.png?resize=350%2C200&ssl=1","width":350,"height":200,"srcset":"https:\/\/i0.wp.com\/www.gemeinsame-jugendarbeit.de\/wordpress\/wp-content\/uploads\/2020\/09\/Konfiseite_Homepage.png?resize=350%2C200&ssl=1 1x, https:\/\/i0.wp.com\/www.gemeinsame-jugendarbeit.de\/wordpress\/wp-content\/uploads\/2020\/09\/Konfiseite_Homepage.png?resize=525%2C300&ssl=1 1.5x, https:\/\/i0.wp.com\/www.gemeinsame-jugendarbeit.de\/wordpress\/wp-content\/uploads\/2020\/09\/Konfiseite_Homepage.png?resize=700%2C400&ssl=1 2x, https:\/\/i0.wp.com\/www.gemeinsame-jugendarbeit.de\/wordpress\/wp-content\/uploads\/2020\/09\/Konfiseite_Homepage.png?resize=1050%2C600&ssl=1 3x"},"classes":[]},{"id":38,"url":"https:\/\/www.gemeinsame-jugendarbeit.de\/wordpress\/kinder\/","url_meta":{"origin":46,"position":4},"title":"Das gibt&#8217;s f\u00fcr Kinder","author":"schwarze","date":"16. August 2015","format":false,"excerpt":"Jugendliche \u00a0 Gottesdienste \u00a0\u00a0 zur\u00fcck \u00a0 \u00a0 CVJM Minijungschar - Kinder, 6-9 Jahre \u00a0\u00a0\u00a0\u00a0\u00a0\u00a0\u00a0\u00a0\u00a0 mittwochs, 17.00 \u2013 18.15 Uhr, Vereinshaus Sylbach CVJM Jungschar - Kinder, 9-12 Jahre \u00a0\u00a0\u00a0\u00a0\u00a0\u00a0\u00a0\u00a0\u00a0 freitags, 17.00 \u2013 18.30 Uhr, Vereinshaus Sylbach Jungschar Rasselbande - Kinder, 6-11 Jahre \u00a0\u00a0\u00a0\u00a0\u00a0\u00a0\u00a0\u00a0\u00a0 donnerstags, 16.00 \u2013 17.30 Uhr, Trinitatiskirche Kinderbibelwoche -\u2026","rel":"","context":"\u00c4hnlicher Beitrag","block_context":{"text":"\u00c4hnlicher Beitrag","link":""},"img":{"alt_text":"","src":"https:\/\/i0.wp.com\/www.gemeinsame-jugendarbeit.de\/wordpress\/wp-content\/uploads\/2015\/08\/DSC_0248-1.jpg?fit=1200%2C795&ssl=1&resize=350%2C200","width":350,"height":200,"srcset":"https:\/\/i0.wp.com\/www.gemeinsame-jugendarbeit.de\/wordpress\/wp-content\/uploads\/2015\/08\/DSC_0248-1.jpg?fit=1200%2C795&ssl=1&resize=350%2C200 1x, https:\/\/i0.wp.com\/www.gemeinsame-jugendarbeit.de\/wordpress\/wp-content\/uploads\/2015\/08\/DSC_0248-1.jpg?fit=1200%2C795&ssl=1&resize=525%2C300 1.5x, https:\/\/i0.wp.com\/www.gemeinsame-jugendarbeit.de\/wordpress\/wp-content\/uploads\/2015\/08\/DSC_0248-1.jpg?fit=1200%2C795&ssl=1&resize=700%2C400 2x, https:\/\/i0.wp.com\/www.gemeinsame-jugendarbeit.de\/wordpress\/wp-content\/uploads\/2015\/08\/DSC_0248-1.jpg?fit=1200%2C795&ssl=1&resize=1050%2C600 3x"},"classes":[]},{"id":558,"url":"https:\/\/www.gemeinsame-jugendarbeit.de\/wordpress\/archiv\/","url_meta":{"origin":46,"position":5},"title":"Archiv","author":"schwarze","date":"4. Juli 2017","format":false,"excerpt":"Hier findest Du \u00e4ltere Berichte \u00fcber verschiedenste Aktionen: 23. Juni 2017 Luther - Fahndung erfolgreich: Katechumenen und Konfirmanden aus den ref. Bezirken I und II machten sich am 13.06. erfolgreich auf die Suche nach - wem sonst - Martin Luther. Der gro\u00dfe Reformator war im Keller der \u00f6rtlichen Begegnungsst\u00e4tte einfach\u2026","rel":"","context":"\u00c4hnlicher Beitrag","block_context":{"text":"\u00c4hnlicher Beitrag","link":""},"img":{"alt_text":"","src":"https:\/\/i0.wp.com\/www.gemeinsame-jugendarbeit.de\/wordpress\/wp-content\/uploads\/2017\/05\/20170326_182323-300x225.jpg?resize=350%2C200","width":350,"height":200},"classes":[]}],"publishpress_future_action":{"enabled":false,"date":"2026-05-07 08:08:29","action":"change-status","newStatus":"draft","terms":[],"taxonomy":""},"publishpress_future_workflow_manual_trigger":{"enabledWorkflows":[]},"_links":{"self":[{"href":"https:\/\/www.gemeinsame-jugendarbeit.de\/wordpress\/wp-json\/wp\/v2\/pages\/46"}],"collection":[{"href":"https:\/\/www.gemeinsame-jugendarbeit.de\/wordpress\/wp-json\/wp\/v2\/pages"}],"about":[{"href":"https:\/\/www.gemeinsame-jugendarbeit.de\/wordpress\/wp-json\/wp\/v2\/types\/page"}],"author":[{"embeddable":true,"href":"https:\/\/www.gemeinsame-jugendarbeit.de\/wordpress\/wp-json\/wp\/v2\/users\/1"}],"replies":[{"embeddable":true,"href":"https:\/\/www.gemeinsame-jugendarbeit.de\/wordpress\/wp-json\/wp\/v2\/comments?post=46"}],"version-history":[{"count":6,"href":"https:\/\/www.gemeinsame-jugendarbeit.de\/wordpress\/wp-json\/wp\/v2\/pages\/46\/revisions"}],"predecessor-version":[{"id":1269,"href":"https:\/\/www.gemeinsame-jugendarbeit.de\/wordpress\/wp-json\/wp\/v2\/pages\/46\/revisions\/1269"}],"wp:featuredmedia":[{"embeddable":true,"href":"https:\/\/www.gemeinsame-jugendarbeit.de\/wordpress\/wp-json\/wp\/v2\/media\/590"}],"wp:attachment":[{"href":"https:\/\/www.gemeinsame-jugendarbeit.de\/wordpress\/wp-json\/wp\/v2\/media?parent=46"}],"curies":[{"name":"wp","href":"https:\/\/api.w.org\/{rel}","templated":true}]}}